{"id":2008,"date":"2017-12-03T10:42:41","date_gmt":"2017-12-03T09:42:41","guid":{"rendered":"http:\/\/doellken.youbilab.com\/faq\/"},"modified":"2025-03-06T15:17:12","modified_gmt":"2025-03-06T14:17:12","slug":"faq","status":"publish","type":"page","link":"https:\/\/www.doellken-pt.com\/en\/faq\/","title":{"rendered":"FAQ"},"content":{"rendered":"<div class=\"wrapper\"><div id=\"\" class=\"column-section clearfix spaced-normal \"><div  class=\"column two-third  \" ><div class=\"spacer spacer-big\"><\/div>\n<h2>FAQ &#8211; H\u00e4ufig gestellte Fragen<\/h2>\n<div class=\"spacer spacer-big\"><\/div>\n<h3>Was bedeutet Extrusion\/extrudiert?<\/h3>\n<div class=\"spacer spacer-small\"><\/div>\n<p>Die Extrusion ist eine Verfahrenstechnik, bei der mittels Druck und Temperatur Massen \u2013 in unserem Falle Kunststoff \u2013 durch daf\u00fcr angefertigte Werkzeuge gepresst und in eine definierte Form gebracht werden. Im Extrusionsprozess von D\u00f6llken Lighting ummanteln wir also unsere LED-Leiterfilme mit zuvor aufgeschmolzenem Kunststoff im Endlosverfahren. Dabei handelt es sich aufgrund verschiedener Rezepturen des Materials sogar um eine technisch sehr anspruchsvolle Co-Extrusion.<\/p>\n<div class=\"spacer spacer-medium\"><\/div><\/div><div  class=\"column one-third last-col \" ><\/div><\/div><\/div><div class=\"wrapper\"><div id=\"\" class=\"column-section clearfix spaced-normal \"><div  class=\"column two-third  \" >\n<h3>Enthalten die D\u00f6llken Lighting LED-B\u00e4nder PVC?<\/h3>\n<div class=\"spacer spacer-small\"><\/div>\n<p>Nein, keines unserer Produkte, weder die ummantelten B\u00e4nder, noch die Anschl\u00fcsse oder Kabel enthalten PVC oder andere chlorhaltige Materialien. Weiterhin sind nat\u00fcrlich alle eingesetzten Stoffe REACH-konform. Zus\u00e4tzlich verarbeiten wir auch potenziellen Ausschuss soweit wie m\u00f6glich weiter bzw. sorgen f\u00fcr ein entsprechendes Recycling.<\/p>\n<div class=\"spacer spacer-medium\"><\/div><\/div><div  class=\"column one-third last-col \" ><\/div><\/div><\/div><div class=\"wrapper\"><div id=\"\" class=\"column-section clearfix spaced-normal \"><div  class=\"column two-third  \" >\n<h3>Wo werden die Produkte hergestellt?<\/h3>\n<div class=\"spacer spacer-small\"><\/div>\n<p>Wir fertigen alle unsere LED-B\u00e4nder und Leiterfilme in Deutschland und kaufen nur die einzelnen Bauteile wie LED-Chips von namhaften Zulieferern mit hoher Qualit\u00e4t zu. Bei unseren Leiterfilmen handelt es sich also nicht um Zukaufartikel, sondern um 100 % deutsche Fertigung. Auch ein Gro\u00dfteil unserer Montageprofile wird direkt in Deutschland gefertigt, Teile lassen wir im europ\u00e4ischen Ausland unter unseren Qualit\u00e4tsvorgaben herstellen. Bei den angebotenen Vorschaltger\u00e4ten und Controllern setzen wir auf eine kleine Auswahl von Ger\u00e4ten aus vorrangig asiatischer Fertigung.<\/p>\n<div class=\"spacer spacer-medium\"><\/div><\/div><div  class=\"column one-third last-col \" ><\/div><\/div><\/div><div class=\"wrapper\"><div id=\"\" class=\"column-section clearfix spaced-normal \"><div  class=\"column two-third  \" >\n<h3>Was bedeutet DualWhite?<\/h3>\n<div class=\"spacer spacer-small\"><\/div>\n<p>Unsere DualWhite-Varianten (erkennbar an der Produktbezeichnung wie etwa CoreFlex 14\/DualWhite) besitzen zwei verschiedene, wei\u00dfe LED-Chips: einen 2700 Kelvin (warmwei\u00df) und einen 5000 Kelvin (kaltwei\u00df) Chip. Durch eine entsprechende Steuerung kann somit die Farbtemperatur des Lichts je nach Wunsch oder Tageszeit angepasst werden \u2013 und das mit nur einem Produkt.<\/p>\n<div class=\"spacer spacer-medium\"><\/div><\/div><div  class=\"column one-third last-col \" ><\/div><\/div><\/div><div class=\"wrapper\"><div id=\"\" class=\"column-section clearfix spaced-normal \"><div  class=\"column two-third  \" >\n<h3>Besitzt das MultiColor Flex Band ausschlie\u00dflich einen RGB-Farbwechsel?<\/h3>\n<div class=\"spacer spacer-small\"><\/div>\n<p>Nat\u00fcrlich kann auch das MultiColor Flex in seiner 14\/RGB- bzw. 14\/RGBW-Version mit einer RGB-Best\u00fcckung bestellt werden. Jedoch ist es auch in single- und dual-white-Varianten erh\u00e4ltlich.<br \/>\nDer Name MultiColor Flex kommt urspr\u00fcnglich daher, dass dies das erste unserer LED-B\u00e4nder war, welches wei\u00df eingef\u00e4rbte Seiten- und Deckfl\u00e4chen besa\u00df. Zus\u00e4tzlich k\u00f6nnen wir hier den Kunststoff in jeglicher Farbe einf\u00e4rben und damit das Band an sich als Gestaltungselement, auch im ausgeschalteten Zustand, einsetzen.<\/p>\n<div class=\"spacer spacer-medium\"><\/div><\/div><div  class=\"column one-third last-col \" ><\/div><\/div><\/div><div class=\"wrapper\"><div id=\"\" class=\"column-section clearfix spaced-normal \"><div  class=\"column two-third  \" >\n<h3>Besitzt das LinearColor Flex Band einen RGB-Farbwechsel?<\/h3>\n<div class=\"spacer spacer-small\"><\/div>\n<p>Auch das LinearColor Flex Band kann sowohl als RGB-\/RGBW-Version, mit rein wei\u00dfer Lichtfarbe diverser Farbtemperaturen als auch als DualWhite-Variante bestellt werden.<br \/>\nDer Name ist \u00e4hnlich dem MultiColor Flex dem Umstand geschuldet, das die Lichtaustrittfl\u00e4che in jeglicher Farbe eingef\u00e4rbt werden kann, um auch im ausgeschalteten Zustand ein Gestaltungselement darzustellen. Vor allem f\u00fcr Corporate Lighting Design ist dies eine beliebte Variante.<\/p>\n<div class=\"spacer spacer-medium\"><\/div><\/div><div  class=\"column one-third last-col \" ><\/div><\/div><\/div><div class=\"wrapper\"><div id=\"\" class=\"column-section clearfix spaced-normal \"><div  class=\"column two-third  \" >\n<h3>Sind die D\u00f6llken-Lighting LED-B\u00e4nder f\u00fcr den Au\u00dfenbereich oder Unterwasseranwendungen geeignet?<\/h3>\n<div class=\"spacer spacer-small\"><\/div>\n<p>Ja, aufgrund unserer Ummantelungstechnologie, der Extrusion, sind alle unsere B\u00e4nder IP68 gesch\u00fctzt, also f\u00fcr ein dauerhaftes Untertauchen im Wasser geeignet. Einer regul\u00e4ren Au\u00dfenanwendung \u2013 egal in welchem Bereich, steht somit nichts im Wege. Wir haben unsere Produkte sogar in einer Wassertiefe von 3250 m getestet \u2013 inklusive Endkappen, Anschl\u00fcssen und dem \u00dcbergang von Band zu Kabel. Durch unser patentiertes Anschlussverfahren ist unser gesamtes System IP68 zertifiziert und somit auch vor durch Kapillareffekte eintretende Feuchtigkeit gesch\u00fctzt.<\/p>\n<div class=\"spacer spacer-medium\"><\/div><\/div><div  class=\"column one-third last-col \" ><\/div><\/div><\/div><div class=\"wrapper\"><div id=\"\" class=\"column-section clearfix spaced-normal \"><div  class=\"column two-third  \" >\n<h3>F\u00fcr welche Bereiche eignet sich Ihre LED-Beleuchtung besonders gut?<\/h3>\n<div class=\"spacer spacer-small\"><\/div>\n<p>Aufgrund ihres kompletten IP68- und IK08-Schutzes eigenen sich unsere Produkte bestens f\u00fcr Au\u00dfenanwendungen oder Bereiche mit mechanischen Einfl\u00fcssen bzw. schwierigen klimatischen Verh\u00e4ltnissen. Doch auch im Innenbereich bieten diese Vorteile nat\u00fcrlich Sicherheit gegen\u00fcber Sch\u00e4den durch Reinigungsmittel, Ber\u00fchrung oder Luftfeuchtigkeit.<\/p>\n<div class=\"spacer spacer-medium\"><\/div><\/div><div  class=\"column one-third last-col \" ><\/div><\/div><\/div><div class=\"wrapper\"><div id=\"\" class=\"column-section clearfix spaced-normal \"><div  class=\"column two-third  \" >\n<h3>Wie werden die LED-B\u00e4nder befestigt?<\/h3>\n<div class=\"spacer spacer-small\"><\/div>\n<p>Wir haben zur sicheren Befestigung f\u00fcr alle unsere extrudierten B\u00e4nder spezielle Montageprofile aus Aluminium entwickelt. Die Zeichnungen dazu finden Sie auf den Produktseiten unserer Website bzw. in den jeweiligen Datenbl\u00e4ttern der LED-B\u00e4nder.<\/p>\n<div class=\"spacer spacer-medium\"><\/div><\/div><div  class=\"column one-third last-col \" ><\/div><\/div><\/div><div class=\"wrapper\"><div id=\"\" class=\"column-section clearfix spaced-normal \"><div  class=\"column two-third  \" >\n<h3>Sind auch die Aluminiumprofile auch f\u00fcr Unterwasserinstallationen geeignet?<\/h3>\n<div class=\"spacer spacer-small\"><\/div>\n<p>Aluminium ist nur bedingt f\u00fcr den Unterwassereinsatz geeignet. In F\u00e4llen, in denen die B\u00e4nder unter der Wasseroberfl\u00e4che eingesetzt werden sollen, empfehlen wir eine Verklebung mit Montageklebstoff. Passende Typen empfehlen wir Ihnen gern f\u00fcr den jeweiligen Untergrund. Ebenso m\u00f6glich sind, je nach Anwendungsfall, spezielle Edelstahl- oder Kunststoffprofile zur Montage.<\/p>\n<div class=\"spacer spacer-medium\"><\/div><\/div><div  class=\"column one-third last-col \" ><\/div><\/div><\/div><div class=\"wrapper\"><div id=\"\" class=\"column-section clearfix spaced-normal \"><div  class=\"column two-third  \" >\n<h3>Besteht die M\u00f6glichkeit der Ansteuerung der B\u00e4nder mittels DALI-\/0-10V-\/DMX-Ger\u00e4ten?<\/h3>\n<div class=\"spacer spacer-small\"><\/div>\n<p>Alle unsere B\u00e4nder k\u00f6nnen bei der Verwendung passender Elektronik mit allen g\u00e4ngigen Protokolltypen angesteuert werden. Zum zuverl\u00e4ssigen Dimmen m\u00fcssen die Ger\u00e4te jedoch zwingend ein PWM-Signal (Pulsweitenmodulation) ausgeben.<\/p>\n<div class=\"spacer spacer-medium\"><\/div><\/div><div  class=\"column one-third last-col \" ><\/div><\/div><\/div><div class=\"wrapper\"><div id=\"\" class=\"column-section clearfix spaced-normal \"><div  class=\"column two-third  \" >\n<h3>Welche maximalen L\u00e4ngen gelten f\u00fcr die Kabel?<\/h3>\n<div class=\"spacer spacer-small\"><\/div>\n<p>Aufgrund des Spannungsabfalls ist dies von diversen Faktoren wie dem eingesetzten Kabelquerschnitt oder der L\u00e4nge des LED-Bandes abh\u00e4ngig. Als Richtwert der Kabell\u00e4ngen \u00fcber unseren Konfektionierservice gehen wir von einer maximalen Standardl\u00e4nge von f\u00fcnf Metern aus, passen die L\u00e4ngen jedoch projekt- bzw. anwendungsfallbezogen in Absprache mit unseren Kunden an.<\/p>\n<div class=\"spacer spacer-medium\"><\/div><\/div><div  class=\"column one-third last-col \" ><\/div><\/div><\/div><div class=\"wrapper\"><div id=\"\" class=\"column-section clearfix spaced-normal \"><div  class=\"column two-third  \" >\n<h3>Ich habe von \u201eflicker\u201c bei LED-Leuchten geh\u00f6rt, tritt dieses Flackern auch bei Ihren Produkten auf?<\/h3>\n<div class=\"spacer spacer-small\"><\/div>\n<p>Flicker ist immer ein Ph\u00e4nomen, welches in Zusammenspiel mit den jeweiligen Vorschaltger\u00e4ten bzw. der Steuerung und dem Dimmen der LEDs auftritt. Bei der Verwendung hochwertiger Dimmer ist ein Flackern der B\u00e4nder nicht wahrnehmbar oder gar unmittelbar sch\u00e4dlich.<\/p>\n<div class=\"spacer spacer-medium\"><\/div><\/div><div  class=\"column one-third last-col \" ><\/div><\/div><\/div><div class=\"wrapper\"><div id=\"\" class=\"column-section clearfix spaced-normal \"><div  class=\"column two-third  \" >\n<h3>K\u00f6nnen die LED-B\u00e4nder auch in Sonderfarben hinsichtlich Lichtfarbe oder Ummantelung gefertigt werden?<\/h3>\n<div class=\"spacer spacer-small\"><\/div>\n<p>Aufgrund der Extrusion k\u00f6nnen wir die Deckschichten sowie Seitenfl\u00e4chen fast aller unserer Produkte individuell einf\u00e4rben und somit auch Corporate Lighting Design Anforderungen erf\u00fcllen oder spezielle Spektralanteile des Lichts herausfiltern. Nehmen Sie dazu einfach Kontakt mit uns auf.<\/p>\n<div class=\"spacer spacer-big\"><\/div><\/div><div  class=\"column one-third last-col \" ><\/div><\/div><\/div>\n","protected":false},"excerpt":{"rendered":"","protected":false},"author":2,"featured_media":0,"parent":0,"menu_order":0,"comment_status":"closed","ping_status":"closed","template":"","meta":{"_acf_changed":false,"_et_pb_use_builder":"","_et_pb_old_content":"","_et_gb_content_width":"","footnotes":""},"class_list":["post-2008","page","type-page","status-publish","hentry"],"acf":[],"yoast_head":"<!-- This site is optimized with the Yoast SEO plugin v27.5 - https:\/\/yoast.com\/product\/yoast-seo-wordpress\/ -->\n<title>FAQ<\/title>\n<meta name=\"robots\" content=\"index, follow, max-snippet:-1, max-image-preview:large, max-video-preview:-1\" \/>\n<link rel=\"canonical\" href=\"https:\/\/www.doellken-pt.com\/en\/faq\/\" \/>\n<meta property=\"og:locale\" content=\"en_US\" \/>\n<meta property=\"og:type\" content=\"article\" \/>\n<meta property=\"og:title\" content=\"FAQ\" \/>\n<meta property=\"og:url\" content=\"https:\/\/www.doellken-pt.com\/en\/faq\/\" \/>\n<meta property=\"og:site_name\" content=\"D\u00f6llken Profiles Kunststoffprofile\" \/>\n<meta property=\"article:publisher\" content=\"https:\/\/www.facebook.com\/doellkenprofiles\/\" \/>\n<meta property=\"article:modified_time\" content=\"2025-03-06T14:17:12+00:00\" \/>\n<meta name=\"twitter:card\" content=\"summary_large_image\" \/>\n<meta name=\"twitter:label1\" content=\"Est. reading time\" \/>\n\t<meta name=\"twitter:data1\" content=\"6 minutes\" \/>\n<script type=\"application\/ld+json\" class=\"yoast-schema-graph\">{\"@context\":\"https:\\\/\\\/schema.org\",\"@graph\":[{\"@type\":\"WebPage\",\"@id\":\"https:\\\/\\\/www.doellken-pt.com\\\/en\\\/faq\\\/\",\"url\":\"https:\\\/\\\/www.doellken-pt.com\\\/en\\\/faq\\\/\",\"name\":\"FAQ\",\"isPartOf\":{\"@id\":\"https:\\\/\\\/www.doellken-pt.com\\\/en\\\/#website\"},\"datePublished\":\"2017-12-03T09:42:41+00:00\",\"dateModified\":\"2025-03-06T14:17:12+00:00\",\"breadcrumb\":{\"@id\":\"https:\\\/\\\/www.doellken-pt.com\\\/en\\\/faq\\\/#breadcrumb\"},\"inLanguage\":\"en-US\",\"potentialAction\":[{\"@type\":\"ReadAction\",\"target\":[\"https:\\\/\\\/www.doellken-pt.com\\\/en\\\/faq\\\/\"]}]},{\"@type\":\"BreadcrumbList\",\"@id\":\"https:\\\/\\\/www.doellken-pt.com\\\/en\\\/faq\\\/#breadcrumb\",\"itemListElement\":[{\"@type\":\"ListItem\",\"position\":1,\"name\":\"Home\",\"item\":\"https:\\\/\\\/www.doellken-pt.com\\\/en\\\/\"},{\"@type\":\"ListItem\",\"position\":2,\"name\":\"FAQ\"}]},{\"@type\":\"WebSite\",\"@id\":\"https:\\\/\\\/www.doellken-pt.com\\\/en\\\/#website\",\"url\":\"https:\\\/\\\/www.doellken-pt.com\\\/en\\\/\",\"name\":\"D\u00f6llken Profiles Kunststoffprofile\",\"description\":\"Technische Profile und Rollladen-Systeme\",\"publisher\":{\"@id\":\"https:\\\/\\\/www.doellken-pt.com\\\/en\\\/#organization\"},\"potentialAction\":[{\"@type\":\"SearchAction\",\"target\":{\"@type\":\"EntryPoint\",\"urlTemplate\":\"https:\\\/\\\/www.doellken-pt.com\\\/en\\\/?s={search_term_string}\"},\"query-input\":{\"@type\":\"PropertyValueSpecification\",\"valueRequired\":true,\"valueName\":\"search_term_string\"}}],\"inLanguage\":\"en-US\"},{\"@type\":\"Organization\",\"@id\":\"https:\\\/\\\/www.doellken-pt.com\\\/en\\\/#organization\",\"name\":\"D\u00f6llken Profiles Kunststoffprofile\",\"url\":\"https:\\\/\\\/www.doellken-pt.com\\\/en\\\/\",\"logo\":{\"@type\":\"ImageObject\",\"inLanguage\":\"en-US\",\"@id\":\"https:\\\/\\\/www.doellken-pt.com\\\/en\\\/#\\\/schema\\\/logo\\\/image\\\/\",\"url\":\"https:\\\/\\\/www.doellken-pt.com\\\/wp-content\\\/uploads\\\/2018\\\/11\\\/Doellken_Profiles_Logo_neu_2.png\",\"contentUrl\":\"https:\\\/\\\/www.doellken-pt.com\\\/wp-content\\\/uploads\\\/2018\\\/11\\\/Doellken_Profiles_Logo_neu_2.png\",\"width\":1024,\"height\":163,\"caption\":\"D\u00f6llken Profiles Kunststoffprofile\"},\"image\":{\"@id\":\"https:\\\/\\\/www.doellken-pt.com\\\/en\\\/#\\\/schema\\\/logo\\\/image\\\/\"},\"sameAs\":[\"https:\\\/\\\/www.facebook.com\\\/doellkenprofiles\\\/\"]}]}<\/script>\n<!-- \/ Yoast SEO plugin. -->","yoast_head_json":{"title":"FAQ","robots":{"index":"index","follow":"follow","max-snippet":"max-snippet:-1","max-image-preview":"max-image-preview:large","max-video-preview":"max-video-preview:-1"},"canonical":"https:\/\/www.doellken-pt.com\/en\/faq\/","og_locale":"en_US","og_type":"article","og_title":"FAQ","og_url":"https:\/\/www.doellken-pt.com\/en\/faq\/","og_site_name":"D\u00f6llken Profiles Kunststoffprofile","article_publisher":"https:\/\/www.facebook.com\/doellkenprofiles\/","article_modified_time":"2025-03-06T14:17:12+00:00","twitter_card":"summary_large_image","twitter_misc":{"Est. reading time":"6 minutes"},"schema":{"@context":"https:\/\/schema.org","@graph":[{"@type":"WebPage","@id":"https:\/\/www.doellken-pt.com\/en\/faq\/","url":"https:\/\/www.doellken-pt.com\/en\/faq\/","name":"FAQ","isPartOf":{"@id":"https:\/\/www.doellken-pt.com\/en\/#website"},"datePublished":"2017-12-03T09:42:41+00:00","dateModified":"2025-03-06T14:17:12+00:00","breadcrumb":{"@id":"https:\/\/www.doellken-pt.com\/en\/faq\/#breadcrumb"},"inLanguage":"en-US","potentialAction":[{"@type":"ReadAction","target":["https:\/\/www.doellken-pt.com\/en\/faq\/"]}]},{"@type":"BreadcrumbList","@id":"https:\/\/www.doellken-pt.com\/en\/faq\/#breadcrumb","itemListElement":[{"@type":"ListItem","position":1,"name":"Home","item":"https:\/\/www.doellken-pt.com\/en\/"},{"@type":"ListItem","position":2,"name":"FAQ"}]},{"@type":"WebSite","@id":"https:\/\/www.doellken-pt.com\/en\/#website","url":"https:\/\/www.doellken-pt.com\/en\/","name":"D\u00f6llken Profiles Kunststoffprofile","description":"Technische Profile und Rollladen-Systeme","publisher":{"@id":"https:\/\/www.doellken-pt.com\/en\/#organization"},"potentialAction":[{"@type":"SearchAction","target":{"@type":"EntryPoint","urlTemplate":"https:\/\/www.doellken-pt.com\/en\/?s={search_term_string}"},"query-input":{"@type":"PropertyValueSpecification","valueRequired":true,"valueName":"search_term_string"}}],"inLanguage":"en-US"},{"@type":"Organization","@id":"https:\/\/www.doellken-pt.com\/en\/#organization","name":"D\u00f6llken Profiles Kunststoffprofile","url":"https:\/\/www.doellken-pt.com\/en\/","logo":{"@type":"ImageObject","inLanguage":"en-US","@id":"https:\/\/www.doellken-pt.com\/en\/#\/schema\/logo\/image\/","url":"https:\/\/www.doellken-pt.com\/wp-content\/uploads\/2018\/11\/Doellken_Profiles_Logo_neu_2.png","contentUrl":"https:\/\/www.doellken-pt.com\/wp-content\/uploads\/2018\/11\/Doellken_Profiles_Logo_neu_2.png","width":1024,"height":163,"caption":"D\u00f6llken Profiles Kunststoffprofile"},"image":{"@id":"https:\/\/www.doellken-pt.com\/en\/#\/schema\/logo\/image\/"},"sameAs":["https:\/\/www.facebook.com\/doellkenprofiles\/"]}]}},"_links":{"self":[{"href":"https:\/\/www.doellken-pt.com\/en\/wp-json\/wp\/v2\/pages\/2008","targetHints":{"allow":["GET"]}}],"collection":[{"href":"https:\/\/www.doellken-pt.com\/en\/wp-json\/wp\/v2\/pages"}],"about":[{"href":"https:\/\/www.doellken-pt.com\/en\/wp-json\/wp\/v2\/types\/page"}],"author":[{"embeddable":true,"href":"https:\/\/www.doellken-pt.com\/en\/wp-json\/wp\/v2\/users\/2"}],"replies":[{"embeddable":true,"href":"https:\/\/www.doellken-pt.com\/en\/wp-json\/wp\/v2\/comments?post=2008"}],"version-history":[{"count":1,"href":"https:\/\/www.doellken-pt.com\/en\/wp-json\/wp\/v2\/pages\/2008\/revisions"}],"predecessor-version":[{"id":2016,"href":"https:\/\/www.doellken-pt.com\/en\/wp-json\/wp\/v2\/pages\/2008\/revisions\/2016"}],"wp:attachment":[{"href":"https:\/\/www.doellken-pt.com\/en\/wp-json\/wp\/v2\/media?parent=2008"}],"curies":[{"name":"wp","href":"https:\/\/api.w.org\/{rel}","templated":true}]}}